{"id":154,"date":"2018-03-21T10:09:28","date_gmt":"2018-03-21T09:09:28","guid":{"rendered":"http:\/\/societe-histoire-naissance.fr\/?page_id=154"},"modified":"2018-12-09T18:53:44","modified_gmt":"2018-12-09T17:53:44","slug":"6e-colloque-de-la-societe-dhistoire-de-la-naissance","status":"publish","type":"page","link":"https:\/\/societe-histoire-naissance.fr\/?page_id=154","title":{"rendered":"6e colloque de la Soci\u00e9t\u00e9 d\u2019Histoire de la Naissance : La naissance au risque de la mort d&#8217;hier \u00e0 aujourd&#8217;hui"},"content":{"rendered":"<div class=\"surlignable\">\n<div class=\"chapo\">\n<p><em>Le 6e colloque de la Soci\u00e9t\u00e9 d\u2019Histoire de la Naissance a eu lieu les 17 et 18 septembre 2016, \u00e0 l\u2019\u00c9cole de pu\u00e9riculture du Bd Brune, Paris 14\u00b0, sur le th\u00e8me\u00a0: &#8220;LA NAISSANCE AU RISQUE DE LA MORT D\u2019HIER \u00c0 AUJOURD\u2019HUI&#8221;<\/em><\/p>\n<div class=\"texte\">\n<p>Les interventions et les d\u00e9bats ont \u00e9t\u00e9 intenses et passionnants. Vous pouvez en avoir une id\u00e9e en suivant la compilation des tweets envoy\u00e9s tout au long de ces deux journ\u00e9es.<\/p>\n<p><strong><a href=\"https:\/\/storify.com\/MHLahaye\/6ecolloqueshn1epartie\">Journ\u00e9e du samedi<\/a><\/strong><\/p>\n<p><strong><a href=\"https:\/\/storify.com\/MHLahaye\/sixiemecolloqueshn2epartie\">Journ\u00e9e du dimanche<\/a><\/strong><\/p>\n<\/div>\n<\/div>\n<div class=\"texte\">\n<p>\u00ab\u00a0Qui va \u00e0 la vie, va \u00e0 la mort\u2026\u00a0\u00bb, ce vieux proverbe exprime bien la redoutable proximit\u00e9 qui existe entre le moment de la naissance et celui de la mort. Autrefois, ce voisinage paradoxal \u00e9tait clairement pressenti et assum\u00e9. De nombreux rites, traditions populaires et dictons anciens attestent de la peur de l\u2019enfantement et du danger qu\u2019il fait courir \u00e0 la m\u00e8re et \u00e0 l\u2019enfant. Mort de la m\u00e8re qui ne verra pas grandir son enfant, mort-n\u00e9 qui n\u2019a pas eu le temps de na\u00eetre, mort du nouveau-n\u00e9 qui n\u2019a pas eu le temps de vivre.<\/p>\n<p>On s\u2019int\u00e9ressera \u00e0 la mani\u00e8re dont nos anc\u00eatres pr\u00e9paraient \u00e0 la maison ce dangereux moment de passage qu\u2019est la naissance. On reviendra sur les sombres pressentiments souvent \u00e9prouv\u00e9s par les femmes enceintes d\u2019autrefois, comme en t\u00e9moigne \u00c9milie du Ch\u00e2telet en septembre 1749, quelques jours avant sa mort en couches \u00e0 43 ans\u00a0: \u00ab\u00a0J\u2019esp\u00e8re bien (\u2026) que mes couches, dont je n\u2019attends que le moment, ne seront pas aussi funestes que je le crains.\u00a0\u00bb<\/p>\n<p>Les nombreux r\u00e9cits d\u2019accouchements dramatiques, aussi bien dans les familles de notables (comme celui de Jane Seymour, femme d\u2019Henri VIII, morte en 1537, quelques jours apr\u00e8s la naissance du futur \u00c9douard VI) que chez les plus humbles, nous permettront de comprendre la mani\u00e8re dont \u00e9tait v\u00e9cu autrefois, en cours de travail, le dilemme \u00ab\u00a0sauver la m\u00e8re ou sauver l\u2019enfant\u00a0?\u00a0\u00bb<\/p>\n<p>Comment les familles et les soignants supportaient-ils le deuil d\u2019une m\u00e8re, d\u2019un b\u00e9b\u00e9 ou des deux \u00e0 la fois, surtout quand il survenait plusieurs jours apr\u00e8s l\u2019accouchement, alors qu\u2019on croyait que tout s\u2019\u00e9tait bien pass\u00e9\u00a0? On quantifiera ces morts pr\u00e9coces et on \u00e9tudiera les conditions dans lesquelles elles ont baiss\u00e9 peu \u00e0 peu.<\/p>\n<p>On verra aussi comment les m\u00e9morialistes, les \u00e9crivains, les artistes ont t\u00e9moign\u00e9 sur la mort des m\u00e8res et sur le destin des enfants non-n\u00e9s ou morts avant d\u2019avoir v\u00e9cu. En particulier, comment \u00eatre l\u2019enfant qui survit \u00e0 sa m\u00e8re morte\u00a0? \u00ab\u00a0Je suis historien parce que je suis le fils de la morte\u2026\u00a0\u00bb, a \u00e9crit Pierre Chaunu. Quant au h\u00e9ros Siegfried, s\u2019interrogeant sur la mort de sa m\u00e8re (\u00ab\u00a0Ma m\u00e8re est donc morte \u00e0 cause de moi\u00a0?\u2026\u00a0\u00bb), il en vient \u00e0 penser que, peut-\u00eatre, toutes les m\u00e8res meurent en donnant la vie\u00a0: \u00ab\u00a0Par la naissance de leurs fils, les m\u00e8res meurent-elles toutes\u00a0?\u2026\u00a0\u00bb<\/p>\n<p>Aujourd\u2019hui, cette surmortalit\u00e9 des m\u00e8res et des nouveau-n\u00e9s est toujours une r\u00e9alit\u00e9 dans un certain nombre de pays en d\u00e9veloppement. Alors que dans nos maternit\u00e9s modernes, o\u00f9 la m\u00e9dicalisation est cens\u00e9e \u00e9carter tout risque fatal, il semble que la possibilit\u00e9 de la mort maternelle, n\u00e9onatale ou p\u00e9rinatale soit occult\u00e9e. Comment en est-on arriv\u00e9 l\u00e0\u00a0? La lutte des soignants pour faire baisser la mortalit\u00e9 des m\u00e8res et des nouveau-n\u00e9s a \u00e9t\u00e9 un long combat qui a l\u00e9gitim\u00e9 peu \u00e0 peu les avanc\u00e9es de la m\u00e9dicalisation de la naissance. Mais est-ce seulement le passage massif \u00e0 l\u2019accouchement en milieu hospitalier \u00e0 partir des ann\u00e9es 1950 qui a permis de faire baisser chez nous la mortalit\u00e9 des m\u00e8res et celle des nouveau-n\u00e9s\u00a0? Comment r\u00e9introduire aujourd\u2019hui un peu d\u2019humanit\u00e9 dans la prise en charge de ces morts devenues peu fr\u00e9quentes, et qui en semblent d\u2019autant plus injustes, voire scandaleuses\u00a0?<\/p>\n<p>Intervenants :<\/p>\n<p><img loading=\"lazy\" decoding=\"async\" class=\"puce\" src=\"https:\/\/web.archive.org\/web\/20170420200104im_\/http:\/\/societe-histoire-naissance.fr\/local\/cache-vignettes\/L8xH11\/puce-b45f7.gif\" alt=\"-\" width=\"8\" height=\"11\" \/>\u00a0Catherine Rollet (Versailles\/Saint-Quentin)\u00a0: Donn\u00e9es d\u00e9mographiques sur les morts maternelles et p\u00e9rinatales dans l\u2019histoire.<\/p>\n<p><img loading=\"lazy\" decoding=\"async\" class=\"puce\" src=\"https:\/\/web.archive.org\/web\/20170420200104im_\/http:\/\/societe-histoire-naissance.fr\/local\/cache-vignettes\/L8xH11\/puce-b45f7.gif\" alt=\"-\" width=\"8\" height=\"11\" \/>\u00a0Val\u00e9rie Worth-Stylianou (Oxford)\u00a0: Les r\u00e9cits d\u2019accouchements catastrophes dans les trait\u00e9s m\u00e9dicaux des XVIe et XVIIe si\u00e8cles.<\/p>\n<p><img loading=\"lazy\" decoding=\"async\" class=\"puce\" src=\"https:\/\/web.archive.org\/web\/20170420200104im_\/http:\/\/societe-histoire-naissance.fr\/local\/cache-vignettes\/L8xH11\/puce-b45f7.gif\" alt=\"-\" width=\"8\" height=\"11\" \/>\u00a0Elisabeth Arnoul (Sorbonne Paris IV)\u00a0: La mort des m\u00e8res et des nouveau-n\u00e9s dans les \u00e9crits du for priv\u00e9 chez les familles fran\u00e7aises du XVIe au XVIIIe si\u00e8cles.<\/p>\n<p><img loading=\"lazy\" decoding=\"async\" class=\"puce\" src=\"https:\/\/web.archive.org\/web\/20170420200104im_\/http:\/\/societe-histoire-naissance.fr\/local\/cache-vignettes\/L8xH11\/puce-b45f7.gif\" alt=\"-\" width=\"8\" height=\"11\" \/>\u00a0Nathalie Sage-Pranch\u00e8re (Sorbonne Paris IV)\u00a0: Les sages-femmes du XIXe si\u00e8cle aux prises avec la mortalit\u00e9 maternelle et p\u00e9rinatale.<\/p>\n<p><img loading=\"lazy\" decoding=\"async\" class=\"puce\" src=\"https:\/\/web.archive.org\/web\/20170420200104im_\/http:\/\/societe-histoire-naissance.fr\/local\/cache-vignettes\/L8xH11\/puce-b45f7.gif\" alt=\"-\" width=\"8\" height=\"11\" \/>\u00a0Marie-France Morel (Soci\u00e9t\u00e9 d\u2019Histoire de la Naissance)\u00a0: Repr\u00e9sentations et v\u00e9cu des naissances catastrophes, d\u2019apr\u00e8s les ex-voto fran\u00e7ais et germaniques des XVIIe-XIXe si\u00e8cles.<\/p>\n<p><img loading=\"lazy\" decoding=\"async\" class=\"puce\" src=\"https:\/\/web.archive.org\/web\/20170420200104im_\/http:\/\/societe-histoire-naissance.fr\/local\/cache-vignettes\/L8xH11\/puce-b45f7.gif\" alt=\"-\" width=\"8\" height=\"11\" \/>\u00a0Jacques G\u00e9lis (Saint-Denis)\u00a0: Les mort-n\u00e9s\u00a0: bapt\u00eames \u00e0 tout prix et sanctuaires \u00e0 r\u00e9pit.<\/p>\n<p><img loading=\"lazy\" decoding=\"async\" class=\"puce\" src=\"https:\/\/web.archive.org\/web\/20170420200104im_\/http:\/\/societe-histoire-naissance.fr\/local\/cache-vignettes\/L8xH11\/puce-b45f7.gif\" alt=\"-\" width=\"8\" height=\"11\" \/>\u00a0Julie Bouhallier (MNHN)\u00a0: Les accouchements \u00e0 probl\u00e8mes depuis l\u2019\u00e9poque pr\u00e9historique jusqu\u2019\u00e0 la Maternit\u00e9 de Paris au XIXe si\u00e8cle.<\/p>\n<p><img loading=\"lazy\" decoding=\"async\" class=\"puce\" src=\"https:\/\/web.archive.org\/web\/20170420200104im_\/http:\/\/societe-histoire-naissance.fr\/local\/cache-vignettes\/L8xH11\/puce-b45f7.gif\" alt=\"-\" width=\"8\" height=\"11\" \/>\u00a0Farida Hammani (sage-femme)\u00a0: La mort des m\u00e8res et des nouveau-n\u00e9s au Sahel aujourd\u2019hui<\/p>\n<p><img loading=\"lazy\" decoding=\"async\" class=\"puce\" src=\"https:\/\/web.archive.org\/web\/20170420200104im_\/http:\/\/societe-histoire-naissance.fr\/local\/cache-vignettes\/L8xH11\/puce-b45f7.gif\" alt=\"-\" width=\"8\" height=\"11\" \/>\u00a0Danielle Rapoport, psychologue\u00a0: La perte de l\u2019enfant qu\u2019on attendait.<\/p>\n<p><img loading=\"lazy\" decoding=\"async\" class=\"puce\" src=\"https:\/\/web.archive.org\/web\/20170420200104im_\/http:\/\/societe-histoire-naissance.fr\/local\/cache-vignettes\/L8xH11\/puce-b45f7.gif\" alt=\"-\" width=\"8\" height=\"11\" \/>\u00a0Dominique Memmi (CNRS )\u00a0: La gestion des morts n\u00e9onatales et p\u00e9rinatales en milieu hospitalier aujourd\u2019hui.<\/p>\n<p><img loading=\"lazy\" decoding=\"async\" class=\"puce\" src=\"https:\/\/web.archive.org\/web\/20170420200104im_\/http:\/\/societe-histoire-naissance.fr\/local\/cache-vignettes\/L8xH11\/puce-b45f7.gif\" alt=\"-\" width=\"8\" height=\"11\" \/>\u00a0t\u00e9moignages et r\u00e9flexions de sages-femmes d\u2019hier et d\u2019aujourd\u2019hui\u00a0: Willy Belhassen, Francine Dauphin, Ma\u00ef Le D\u00fb, Chantal Birman, Sylvie Zylka, Jeanne Bethuys\u2026<\/p>\n<p>CONTACT\u00a0: Marie-France Morel Historienne de la naissance et de la petite enfance Pr\u00e9sidente de la Soci\u00e9t\u00e9 d\u2019Histoire de la Naissance 11 avenue Fontenelle 92330 Sceaux 01 46 61 16 03 marie-france.morel@orange.fr<\/p>\n<\/div>\n<\/div>\n","protected":false},"excerpt":{"rendered":"<p>Le 6e colloque de la Soci\u00e9t\u00e9 d\u2019Histoire de la Naissance a eu lieu les 17 et 18 septembre 2016, \u00e0 l\u2019\u00c9cole de pu\u00e9riculture du Bd Brune, Paris 14\u00b0, sur le th\u00e8me\u00a0: &#8220;LA NAISSANCE AU RISQUE DE LA MORT D\u2019HIER \u00c0 AUJOURD\u2019HUI&#8221; Les interventions et les d\u00e9bats ont \u00e9t\u00e9 intenses et passionnants. Vous pouvez en avoir&hellip;<\/p>\n<p class=\"more-link-wrapper\"><a class=\"more-link\" href=\"https:\/\/societe-histoire-naissance.fr\/?page_id=154\">Continue<\/a><\/p>\n","protected":false},"author":1,"featured_media":0,"parent":151,"menu_order":0,"comment_status":"closed","ping_status":"closed","template":"","meta":{"footnotes":""},"_links":{"self":[{"href":"https:\/\/societe-histoire-naissance.fr\/index.php?rest_route=\/wp\/v2\/pages\/154"}],"collection":[{"href":"https:\/\/societe-histoire-naissance.fr\/index.php?rest_route=\/wp\/v2\/pages"}],"about":[{"href":"https:\/\/societe-histoire-naissance.fr\/index.php?rest_route=\/wp\/v2\/types\/page"}],"author":[{"embeddable":true,"href":"https:\/\/societe-histoire-naissance.fr\/index.php?rest_route=\/wp\/v2\/users\/1"}],"replies":[{"embeddable":true,"href":"https:\/\/societe-histoire-naissance.fr\/index.php?rest_route=%2Fwp%2Fv2%2Fcomments&post=154"}],"version-history":[{"count":6,"href":"https:\/\/societe-histoire-naissance.fr\/index.php?rest_route=\/wp\/v2\/pages\/154\/revisions"}],"predecessor-version":[{"id":288,"href":"https:\/\/societe-histoire-naissance.fr\/index.php?rest_route=\/wp\/v2\/pages\/154\/revisions\/288"}],"up":[{"embeddable":true,"href":"https:\/\/societe-histoire-naissance.fr\/index.php?rest_route=\/wp\/v2\/pages\/151"}],"wp:attachment":[{"href":"https:\/\/societe-histoire-naissance.fr\/index.php?rest_route=%2Fwp%2Fv2%2Fmedia&parent=154"}],"curies":[{"name":"wp","href":"https:\/\/api.w.org\/{rel}","templated":true}]}}